{"id":8148,"date":"2022-01-03T16:21:33","date_gmt":"2022-01-03T15:21:33","guid":{"rendered":"https:\/\/www.kuhlmann-gmbh.de\/?post_type=projects&#038;p=8148"},"modified":"2026-03-03T09:42:37","modified_gmt":"2026-03-03T08:42:37","slug":"edeka-gans","status":"publish","type":"projects","link":"https:\/\/www.kuhlmann-gmbh.de\/en\/projects\/edeka-gans\/","title":{"rendered":"EDEKA Gans &#8211; Kleinfl\u00e4chenkonzept"},"content":{"rendered":"","protected":false},"featured_media":8171,"menu_order":0,"template":"","meta":{"inline_featured_image":false,"footnotes":""},"categories":[16],"tags":[],"class_list":["post-8148","projects","type-projects","status-publish","has-post-thumbnail","hentry","category-leh"],"acf":[],"yoast_head":"<!-- This site is optimized with the Yoast SEO plugin v26.1 - https:\/\/yoast.com\/wordpress\/plugins\/seo\/ -->\n<title>Kleinfl\u00e4chenkonzept<\/title>\n<meta name=\"description\" content=\"Bei EDEKA Gans hat Kuhlmann Laden- und Innenausbau erstmalig sein Kleinfl\u00e4chenkonzept f\u00fcr urbane Quartiere umgesetzt.\" \/>\n<meta name=\"robots\" content=\"index, follow, max-snippet:-1, max-image-preview:large, max-video-preview:-1\" \/>\n<link rel=\"canonical\" href=\"https:\/\/www.kuhlmann-gmbh.de\/projects\/edeka-gans\/\" \/>\n<meta property=\"og:locale\" content=\"en_US\" \/>\n<meta property=\"og:type\" content=\"article\" \/>\n<meta property=\"og:title\" content=\"Kleinfl\u00e4chenkonzept\" \/>\n<meta property=\"og:description\" content=\"Bei EDEKA Gans hat Kuhlmann Laden- und Innenausbau erstmalig sein Kleinfl\u00e4chenkonzept f\u00fcr urbane Quartiere umgesetzt.\" \/>\n<meta property=\"og:url\" content=\"https:\/\/www.kuhlmann-gmbh.de\/projects\/edeka-gans\/\" \/>\n<meta property=\"og:site_name\" content=\"Kuhlmann\" \/>\n<meta property=\"article:modified_time\" content=\"2026-03-03T08:42:37+00:00\" \/>\n<meta property=\"og:image\" content=\"http:\/\/www.kuhlmann-gmbh.de\/wp-content\/uploads\/2025\/11\/edeka_gans_quadrat_02-1.png\" \/>\n\t<meta property=\"og:image:width\" content=\"564\" \/>\n\t<meta property=\"og:image:height\" content=\"564\" \/>\n\t<meta property=\"og:image:type\" content=\"image\/png\" \/>\n<meta name=\"twitter:card\" content=\"summary_large_image\" \/>\n<meta name=\"twitter:label1\" content=\"Est. reading time\" \/>\n\t<meta name=\"twitter:data1\" content=\"1 minute\" \/>\n<script type=\"application\/ld+json\" class=\"yoast-schema-graph\">{\"@context\":\"https:\/\/schema.org\",\"@graph\":[{\"@type\":\"WebPage\",\"@id\":\"https:\/\/www.kuhlmann-gmbh.de\/projects\/edeka-gans\/\",\"url\":\"https:\/\/www.kuhlmann-gmbh.de\/projects\/edeka-gans\/\",\"name\":\"Kleinfl\u00e4chenkonzept\",\"isPartOf\":{\"@id\":\"https:\/\/www.kuhlmann-gmbh.de\/#website\"},\"primaryImageOfPage\":{\"@id\":\"https:\/\/www.kuhlmann-gmbh.de\/projects\/edeka-gans\/#primaryimage\"},\"image\":{\"@id\":\"https:\/\/www.kuhlmann-gmbh.de\/projects\/edeka-gans\/#primaryimage\"},\"thumbnailUrl\":\"https:\/\/www.kuhlmann-gmbh.de\/wp-content\/uploads\/2025\/11\/edeka_gans_quadrat_02-1.png\",\"datePublished\":\"2022-01-03T15:21:33+00:00\",\"dateModified\":\"2026-03-03T08:42:37+00:00\",\"description\":\"Bei EDEKA Gans hat Kuhlmann Laden- und Innenausbau erstmalig sein Kleinfl\u00e4chenkonzept f\u00fcr urbane Quartiere umgesetzt.\",\"breadcrumb\":{\"@id\":\"https:\/\/www.kuhlmann-gmbh.de\/projects\/edeka-gans\/#breadcrumb\"},\"inLanguage\":\"en-US\",\"potentialAction\":[{\"@type\":\"ReadAction\",\"target\":[\"https:\/\/www.kuhlmann-gmbh.de\/projects\/edeka-gans\/\"]}]},{\"@type\":\"ImageObject\",\"inLanguage\":\"en-US\",\"@id\":\"https:\/\/www.kuhlmann-gmbh.de\/projects\/edeka-gans\/#primaryimage\",\"url\":\"https:\/\/www.kuhlmann-gmbh.de\/wp-content\/uploads\/2025\/11\/edeka_gans_quadrat_02-1.png\",\"contentUrl\":\"https:\/\/www.kuhlmann-gmbh.de\/wp-content\/uploads\/2025\/11\/edeka_gans_quadrat_02-1.png\",\"width\":564,\"height\":564},{\"@type\":\"BreadcrumbList\",\"@id\":\"https:\/\/www.kuhlmann-gmbh.de\/projects\/edeka-gans\/#breadcrumb\",\"itemListElement\":[{\"@type\":\"ListItem\",\"position\":1,\"name\":\"Startseite\",\"item\":\"https:\/\/www.kuhlmann-gmbh.de\/en\/\"},{\"@type\":\"ListItem\",\"position\":2,\"name\":\"EDEKA Gans &#8211; Kleinfl\u00e4chenkonzept\"}]},{\"@type\":\"WebSite\",\"@id\":\"https:\/\/www.kuhlmann-gmbh.de\/#website\",\"url\":\"https:\/\/www.kuhlmann-gmbh.de\/\",\"name\":\"Kuhlmann Laden & Innenausbau\",\"description\":\"Laden &amp; Innenausbau\",\"publisher\":{\"@id\":\"https:\/\/www.kuhlmann-gmbh.de\/#organization\"},\"potentialAction\":[{\"@type\":\"SearchAction\",\"target\":{\"@type\":\"EntryPoint\",\"urlTemplate\":\"https:\/\/www.kuhlmann-gmbh.de\/?s={search_term_string}\"},\"query-input\":{\"@type\":\"PropertyValueSpecification\",\"valueRequired\":true,\"valueName\":\"search_term_string\"}}],\"inLanguage\":\"en-US\"},{\"@type\":\"Organization\",\"@id\":\"https:\/\/www.kuhlmann-gmbh.de\/#organization\",\"name\":\"Kuhlmann Laden & Innenausbau\",\"url\":\"https:\/\/www.kuhlmann-gmbh.de\/\",\"logo\":{\"@type\":\"ImageObject\",\"inLanguage\":\"en-US\",\"@id\":\"https:\/\/www.kuhlmann-gmbh.de\/#\/schema\/logo\/image\/\",\"url\":\"https:\/\/www.kuhlmann-gmbh.de\/wp-content\/uploads\/2022\/12\/kuhlmann-logo.svg\",\"contentUrl\":\"https:\/\/www.kuhlmann-gmbh.de\/wp-content\/uploads\/2022\/12\/kuhlmann-logo.svg\",\"caption\":\"Kuhlmann Laden & Innenausbau\"},\"image\":{\"@id\":\"https:\/\/www.kuhlmann-gmbh.de\/#\/schema\/logo\/image\/\"}}]}<\/script>\n<!-- \/ Yoast SEO plugin. -->","yoast_head_json":{"title":"Kleinfl\u00e4chenkonzept","description":"Bei EDEKA Gans hat Kuhlmann Laden- und Innenausbau erstmalig sein Kleinfl\u00e4chenkonzept f\u00fcr urbane Quartiere umgesetzt.","robots":{"index":"index","follow":"follow","max-snippet":"max-snippet:-1","max-image-preview":"max-image-preview:large","max-video-preview":"max-video-preview:-1"},"canonical":"https:\/\/www.kuhlmann-gmbh.de\/projects\/edeka-gans\/","og_locale":"en_US","og_type":"article","og_title":"Kleinfl\u00e4chenkonzept","og_description":"Bei EDEKA Gans hat Kuhlmann Laden- und Innenausbau erstmalig sein Kleinfl\u00e4chenkonzept f\u00fcr urbane Quartiere umgesetzt.","og_url":"https:\/\/www.kuhlmann-gmbh.de\/projects\/edeka-gans\/","og_site_name":"Kuhlmann","article_modified_time":"2026-03-03T08:42:37+00:00","og_image":[{"width":564,"height":564,"url":"http:\/\/www.kuhlmann-gmbh.de\/wp-content\/uploads\/2025\/11\/edeka_gans_quadrat_02-1.png","type":"image\/png"}],"twitter_card":"summary_large_image","twitter_misc":{"Est. reading time":"1 minute"},"schema":{"@context":"https:\/\/schema.org","@graph":[{"@type":"WebPage","@id":"https:\/\/www.kuhlmann-gmbh.de\/projects\/edeka-gans\/","url":"https:\/\/www.kuhlmann-gmbh.de\/projects\/edeka-gans\/","name":"Kleinfl\u00e4chenkonzept","isPartOf":{"@id":"https:\/\/www.kuhlmann-gmbh.de\/#website"},"primaryImageOfPage":{"@id":"https:\/\/www.kuhlmann-gmbh.de\/projects\/edeka-gans\/#primaryimage"},"image":{"@id":"https:\/\/www.kuhlmann-gmbh.de\/projects\/edeka-gans\/#primaryimage"},"thumbnailUrl":"https:\/\/www.kuhlmann-gmbh.de\/wp-content\/uploads\/2025\/11\/edeka_gans_quadrat_02-1.png","datePublished":"2022-01-03T15:21:33+00:00","dateModified":"2026-03-03T08:42:37+00:00","description":"Bei EDEKA Gans hat Kuhlmann Laden- und Innenausbau erstmalig sein Kleinfl\u00e4chenkonzept f\u00fcr urbane Quartiere umgesetzt.","breadcrumb":{"@id":"https:\/\/www.kuhlmann-gmbh.de\/projects\/edeka-gans\/#breadcrumb"},"inLanguage":"en-US","potentialAction":[{"@type":"ReadAction","target":["https:\/\/www.kuhlmann-gmbh.de\/projects\/edeka-gans\/"]}]},{"@type":"ImageObject","inLanguage":"en-US","@id":"https:\/\/www.kuhlmann-gmbh.de\/projects\/edeka-gans\/#primaryimage","url":"https:\/\/www.kuhlmann-gmbh.de\/wp-content\/uploads\/2025\/11\/edeka_gans_quadrat_02-1.png","contentUrl":"https:\/\/www.kuhlmann-gmbh.de\/wp-content\/uploads\/2025\/11\/edeka_gans_quadrat_02-1.png","width":564,"height":564},{"@type":"BreadcrumbList","@id":"https:\/\/www.kuhlmann-gmbh.de\/projects\/edeka-gans\/#breadcrumb","itemListElement":[{"@type":"ListItem","position":1,"name":"Startseite","item":"https:\/\/www.kuhlmann-gmbh.de\/en\/"},{"@type":"ListItem","position":2,"name":"EDEKA Gans &#8211; Kleinfl\u00e4chenkonzept"}]},{"@type":"WebSite","@id":"https:\/\/www.kuhlmann-gmbh.de\/#website","url":"https:\/\/www.kuhlmann-gmbh.de\/","name":"Kuhlmann Laden & Innenausbau","description":"Laden &amp; Innenausbau","publisher":{"@id":"https:\/\/www.kuhlmann-gmbh.de\/#organization"},"potentialAction":[{"@type":"SearchAction","target":{"@type":"EntryPoint","urlTemplate":"https:\/\/www.kuhlmann-gmbh.de\/?s={search_term_string}"},"query-input":{"@type":"PropertyValueSpecification","valueRequired":true,"valueName":"search_term_string"}}],"inLanguage":"en-US"},{"@type":"Organization","@id":"https:\/\/www.kuhlmann-gmbh.de\/#organization","name":"Kuhlmann Laden & Innenausbau","url":"https:\/\/www.kuhlmann-gmbh.de\/","logo":{"@type":"ImageObject","inLanguage":"en-US","@id":"https:\/\/www.kuhlmann-gmbh.de\/#\/schema\/logo\/image\/","url":"https:\/\/www.kuhlmann-gmbh.de\/wp-content\/uploads\/2022\/12\/kuhlmann-logo.svg","contentUrl":"https:\/\/www.kuhlmann-gmbh.de\/wp-content\/uploads\/2022\/12\/kuhlmann-logo.svg","caption":"Kuhlmann Laden & Innenausbau"},"image":{"@id":"https:\/\/www.kuhlmann-gmbh.de\/#\/schema\/logo\/image\/"}}]}},"_links":{"self":[{"href":"https:\/\/www.kuhlmann-gmbh.de\/en\/wp-json\/wp\/v2\/projects\/8148","targetHints":{"allow":["GET"]}}],"collection":[{"href":"https:\/\/www.kuhlmann-gmbh.de\/en\/wp-json\/wp\/v2\/projects"}],"about":[{"href":"https:\/\/www.kuhlmann-gmbh.de\/en\/wp-json\/wp\/v2\/types\/projects"}],"version-history":[{"count":11,"href":"https:\/\/www.kuhlmann-gmbh.de\/en\/wp-json\/wp\/v2\/projects\/8148\/revisions"}],"predecessor-version":[{"id":9189,"href":"https:\/\/www.kuhlmann-gmbh.de\/en\/wp-json\/wp\/v2\/projects\/8148\/revisions\/9189"}],"wp:featuredmedia":[{"embeddable":true,"href":"https:\/\/www.kuhlmann-gmbh.de\/en\/wp-json\/wp\/v2\/media\/8171"}],"wp:attachment":[{"href":"https:\/\/www.kuhlmann-gmbh.de\/en\/wp-json\/wp\/v2\/media?parent=8148"}],"wp:term":[{"taxonomy":"category","embeddable":true,"href":"https:\/\/www.kuhlmann-gmbh.de\/en\/wp-json\/wp\/v2\/categories?post=8148"},{"taxonomy":"post_tag","embeddable":true,"href":"https:\/\/www.kuhlmann-gmbh.de\/en\/wp-json\/wp\/v2\/tags?post=8148"}],"curies":[{"name":"wp","href":"https:\/\/api.w.org\/{rel}","templated":true}]}}